{"id":7488,"date":"2022-09-21T22:22:32","date_gmt":"2022-09-21T21:22:32","guid":{"rendered":"http:\/\/www.lessvtdelagrenouille.fr\/blog\/?page_id=7488"},"modified":"2024-10-15T20:41:57","modified_gmt":"2024-10-15T19:41:57","slug":"faire-la-classe-au-dehors","status":"publish","type":"page","link":"http:\/\/www.lessvtdelagrenouille.fr\/blog\/faire-la-classe-au-dehors\/","title":{"rendered":"Faire la classe au dehors"},"content":{"rendered":"\n<p><strong>Apprendre au et du dehors<\/strong>( A2D2), vaste  programme. Innovation p\u00e9dagogique ou retour aux sources selon l&rsquo;interlocuteur, cette m\u00e9thode p\u00e9dagogique ou philosophie p\u00e9dagogique cherche a donner aux apprentissages une dimension plus concr\u00e8te. Les documents ci dessous pr\u00e9sentent les avantages et les inconv\u00e9nients soulev\u00e9s lors d&rsquo;une formation de personnels du premier et second degr\u00e9 dans le secteur d&rsquo; Allonnes (72). <sup>(R\u00e9alisation Katia Viard)<\/sup><\/p>\n\n\n\n<div class=\"wp-block-columns is-layout-flex wp-container-core-columns-is-layout-9d6595d7 wp-block-columns-is-layout-flex\">\n<div class=\"wp-block-column is-layout-flow wp-block-column-is-layout-flow\">\n<figure class=\"wp-block-image size-full\"><a href=\"http:\/\/www.lessvtdelagrenouille.fr\/blog\/wp-content\/uploads\/2022\/09\/avantages.png\"><img loading=\"lazy\" decoding=\"async\" width=\"538\" height=\"650\" src=\"http:\/\/www.lessvtdelagrenouille.fr\/blog\/wp-content\/uploads\/2022\/09\/avantages.png\" alt=\"\" class=\"wp-image-7489\" srcset=\"http:\/\/www.lessvtdelagrenouille.fr\/blog\/wp-content\/uploads\/2022\/09\/avantages.png 538w, http:\/\/www.lessvtdelagrenouille.fr\/blog\/wp-content\/uploads\/2022\/09\/avantages-248x300.png 248w\" sizes=\"auto, (max-width: 538px) 100vw, 538px\" \/><\/a><\/figure>\n<\/div>\n\n\n\n<div class=\"wp-block-column is-layout-flow wp-block-column-is-layout-flow\">\n<div class=\"wp-block-columns is-layout-flex wp-container-core-columns-is-layout-9d6595d7 wp-block-columns-is-layout-flex\">\n<div class=\"wp-block-column is-layout-flow wp-block-column-is-layout-flow\" style=\"flex-basis:100%\">\n<figure class=\"wp-block-image size-full\"><a href=\"http:\/\/www.lessvtdelagrenouille.fr\/blog\/wp-content\/uploads\/2022\/09\/obstacles.png\"><img loading=\"lazy\" decoding=\"async\" width=\"690\" height=\"665\" src=\"http:\/\/www.lessvtdelagrenouille.fr\/blog\/wp-content\/uploads\/2022\/09\/obstacles.png\" alt=\"\" class=\"wp-image-7490\" srcset=\"http:\/\/www.lessvtdelagrenouille.fr\/blog\/wp-content\/uploads\/2022\/09\/obstacles.png 690w, http:\/\/www.lessvtdelagrenouille.fr\/blog\/wp-content\/uploads\/2022\/09\/obstacles-300x289.png 300w\" sizes=\"auto, (max-width: 690px) 100vw, 690px\" \/><\/a><\/figure>\n<\/div>\n<\/div>\n<\/div>\n<\/div>\n\n\n\n<div class=\"wp-block-columns is-layout-flex wp-container-core-columns-is-layout-9d6595d7 wp-block-columns-is-layout-flex\">\n<div class=\"wp-block-column is-layout-flow wp-block-column-is-layout-flow\">\n<h2 class=\"wp-block-heading has-text-align-center\">Quelques exemples<\/h2>\n\n\n\t\t<div class=\"wppsac-wrap wppsac-slick-slider-wrp wppsac-clearfix \" data-conf=\"{&quot;dots&quot;:&quot;true&quot;,&quot;arrows&quot;:&quot;true&quot;,&quot;autoplay&quot;:&quot;false&quot;,&quot;autoplay_interval&quot;:3000,&quot;speed&quot;:500,&quot;rtl&quot;:&quot;false&quot;,&quot;lazyload&quot;:&quot;&quot;}\">\r\n\t\t\t<div id=\"wppsac-post-slider-1\" class=\"wppsac-post-slider-init wppsac-post-slider design-1\">\r\n\t\t\t\t<div class=\"wppsac-post-slides\">\r\n\t<div class=\"wppsac-post-content-position\">\r\n\t\t<div class=\"wppsac-post-content-left wp-medium-8 wpcolumns\">\r\n\t\t\t\r\n\t\t\t<h2 class=\"wppsac-post-title\">\r\n\t\t\t\t<a href=\"http:\/\/www.lessvtdelagrenouille.fr\/blog\/defi-piaf-de-ma-rue-la-main-a-la-pate\/\">D\u00e9fi piaf de ma rue (La main \u00e0 la p\u00e2te)<\/a>\r\n\t\t\t<\/h2>\r\n\r\n\t\t\t\t\t<\/div>\r\n\t\t<div class=\"wppsac-post-image-bg\">\r\n\t\t\t<a href=\"http:\/\/www.lessvtdelagrenouille.fr\/blog\/defi-piaf-de-ma-rue-la-main-a-la-pate\/\">\r\n\t\t\t\t\t\t\t\t<img decoding=\"async\" class=\"wppsac-post-image\"  src=\"http:\/\/www.lessvtdelagrenouille.fr\/blog\/wp-content\/uploads\/2026\/01\/piaf-de-ma-rue.jpg\" alt=\"D\u00e9fi piaf de ma rue (La main \u00e0 la p\u00e2te)\" \/>\r\n\t\t\t\t\t\t\t<\/a>\r\n\t\t<\/div>\r\n\t<\/div>\r\n<\/div><div class=\"wppsac-post-slides\">\r\n\t<div class=\"wppsac-post-content-position\">\r\n\t\t<div class=\"wppsac-post-content-left wp-medium-8 wpcolumns\">\r\n\t\t\t\r\n\t\t\t<h2 class=\"wppsac-post-title\">\r\n\t\t\t\t<a href=\"http:\/\/www.lessvtdelagrenouille.fr\/blog\/lettre-dactualite-edd-dediee-aux-aires-terrestres-educatives\/\">Lettre d\u2019actualit\u00e9 EDD d\u00e9di\u00e9e aux aires terrestres \u00e9ducatives<\/a>\r\n\t\t\t<\/h2>\r\n\r\n\t\t\t\t\t<\/div>\r\n\t\t<div class=\"wppsac-post-image-bg\">\r\n\t\t\t<a href=\"http:\/\/www.lessvtdelagrenouille.fr\/blog\/lettre-dactualite-edd-dediee-aux-aires-terrestres-educatives\/\">\r\n\t\t\t\t\t\t\t\t<img decoding=\"async\" class=\"wppsac-post-image\"  src=\"http:\/\/www.lessvtdelagrenouille.fr\/blog\/wp-content\/uploads\/2024\/10\/ecole-dehors-1024x1024-1-300x300.png\" alt=\"Lettre d\u2019actualit\u00e9 EDD d\u00e9di\u00e9e aux aires terrestres \u00e9ducatives\" \/>\r\n\t\t\t\t\t\t\t<\/a>\r\n\t\t<\/div>\r\n\t<\/div>\r\n<\/div><div class=\"wppsac-post-slides\">\r\n\t<div class=\"wppsac-post-content-position\">\r\n\t\t<div class=\"wppsac-post-content-left wp-medium-8 wpcolumns\">\r\n\t\t\t\r\n\t\t\t<h2 class=\"wppsac-post-title\">\r\n\t\t\t\t<a href=\"http:\/\/www.lessvtdelagrenouille.fr\/blog\/pour-les-profs-visio-lecole-du-dehors-au-secondaire-pour-le-graine\/\">Pour les profs: Visio l&rsquo;\u00e9cole du dehors au secondaire pour le graine<\/a>\r\n\t\t\t<\/h2>\r\n\r\n\t\t\t\t\t<\/div>\r\n\t\t<div class=\"wppsac-post-image-bg\">\r\n\t\t\t<a href=\"http:\/\/www.lessvtdelagrenouille.fr\/blog\/pour-les-profs-visio-lecole-du-dehors-au-secondaire-pour-le-graine\/\">\r\n\t\t\t\t\t\t\t\t<img decoding=\"async\" class=\"wppsac-post-image\"  src=\"http:\/\/www.lessvtdelagrenouille.fr\/blog\/wp-content\/uploads\/2025\/10\/IMG_20251013_092228_415-300x226.jpg\" alt=\"Pour les profs: Visio l&rsquo;\u00e9cole du dehors au secondaire pour le graine\" \/>\r\n\t\t\t\t\t\t\t<\/a>\r\n\t\t<\/div>\r\n\t<\/div>\r\n<\/div><div class=\"wppsac-post-slides\">\r\n\t<div class=\"wppsac-post-content-position\">\r\n\t\t<div class=\"wppsac-post-content-left wp-medium-8 wpcolumns\">\r\n\t\t\t\r\n\t\t\t<h2 class=\"wppsac-post-title\">\r\n\t\t\t\t<a href=\"http:\/\/www.lessvtdelagrenouille.fr\/blog\/article-sur-lecole-du-dehors-au-college-pour-le-graine\/\">Article sur l&rsquo;\u00e9cole du dehors au coll\u00e8ge pour le graine<\/a>\r\n\t\t\t<\/h2>\r\n\r\n\t\t\t\t\t<\/div>\r\n\t\t<div class=\"wppsac-post-image-bg\">\r\n\t\t\t<a href=\"http:\/\/www.lessvtdelagrenouille.fr\/blog\/article-sur-lecole-du-dehors-au-college-pour-le-graine\/\">\r\n\t\t\t\t\t\t\t\t<img decoding=\"async\" class=\"wppsac-post-image\"  src=\"http:\/\/www.lessvtdelagrenouille.fr\/blog\/wp-content\/uploads\/2025\/12\/ecdehgraine-292x300.png\" alt=\"Article sur l&rsquo;\u00e9cole du dehors au coll\u00e8ge pour le graine\" \/>\r\n\t\t\t\t\t\t\t<\/a>\r\n\t\t<\/div>\r\n\t<\/div>\r\n<\/div><div class=\"wppsac-post-slides\">\r\n\t<div class=\"wppsac-post-content-position\">\r\n\t\t<div class=\"wppsac-post-content-left wp-medium-8 wpcolumns\">\r\n\t\t\t\r\n\t\t\t<h2 class=\"wppsac-post-title\">\r\n\t\t\t\t<a href=\"http:\/\/www.lessvtdelagrenouille.fr\/blog\/premiers-pas-dans-notre-aire-terrestre\/\">Premiers pas dans notre aire terrestre en 2025<\/a>\r\n\t\t\t<\/h2>\r\n\r\n\t\t\t\t\t<\/div>\r\n\t\t<div class=\"wppsac-post-image-bg\">\r\n\t\t\t<a href=\"http:\/\/www.lessvtdelagrenouille.fr\/blog\/premiers-pas-dans-notre-aire-terrestre\/\">\r\n\t\t\t\t\t\t\t\t<img decoding=\"async\" class=\"wppsac-post-image\"  src=\"http:\/\/www.lessvtdelagrenouille.fr\/blog\/wp-content\/uploads\/2025\/11\/IMG_20251013_091356_113-226x300.jpg\" alt=\"Premiers pas dans notre aire terrestre en 2025\" \/>\r\n\t\t\t\t\t\t\t<\/a>\r\n\t\t<\/div>\r\n\t<\/div>\r\n<\/div><div class=\"wppsac-post-slides\">\r\n\t<div class=\"wppsac-post-content-position\">\r\n\t\t<div class=\"wppsac-post-content-left wp-medium-8 wpcolumns\">\r\n\t\t\t\r\n\t\t\t<h2 class=\"wppsac-post-title\">\r\n\t\t\t\t<a href=\"http:\/\/www.lessvtdelagrenouille.fr\/blog\/a-lecole-de-la-foret-2-representer-lenvironnement\/\">A l&rsquo;\u00e9cole de la for\u00eat 2: repr\u00e9senter l&rsquo;environnement<\/a>\r\n\t\t\t<\/h2>\r\n\r\n\t\t\t\t\t<\/div>\r\n\t\t<div class=\"wppsac-post-image-bg\">\r\n\t\t\t<a href=\"http:\/\/www.lessvtdelagrenouille.fr\/blog\/a-lecole-de-la-foret-2-representer-lenvironnement\/\">\r\n\t\t\t\t\t\t\t\t<img decoding=\"async\" class=\"wppsac-post-image\"  src=\"http:\/\/www.lessvtdelagrenouille.fr\/blog\/wp-content\/uploads\/2021\/04\/arbremort-300x200.jpg\" alt=\"A l&rsquo;\u00e9cole de la for\u00eat 2: repr\u00e9senter l&rsquo;environnement\" \/>\r\n\t\t\t\t\t\t\t<\/a>\r\n\t\t<\/div>\r\n\t<\/div>\r\n<\/div><div class=\"wppsac-post-slides\">\r\n\t<div class=\"wppsac-post-content-position\">\r\n\t\t<div class=\"wppsac-post-content-left wp-medium-8 wpcolumns\">\r\n\t\t\t\r\n\t\t\t<h2 class=\"wppsac-post-title\">\r\n\t\t\t\t<a href=\"http:\/\/www.lessvtdelagrenouille.fr\/blog\/notre-aire-terrestre-educative\/\">Notre aire terrestre \u00e9ducative<\/a>\r\n\t\t\t<\/h2>\r\n\r\n\t\t\t\t\t<\/div>\r\n\t\t<div class=\"wppsac-post-image-bg\">\r\n\t\t\t<a href=\"http:\/\/www.lessvtdelagrenouille.fr\/blog\/notre-aire-terrestre-educative\/\">\r\n\t\t\t\t\t\t\t\t<img decoding=\"async\" class=\"wppsac-post-image\"  src=\"http:\/\/www.lessvtdelagrenouille.fr\/blog\/wp-content\/uploads\/2024\/10\/aire-terrestre-300x135.png\" alt=\"Notre aire terrestre \u00e9ducative\" \/>\r\n\t\t\t\t\t\t\t<\/a>\r\n\t\t<\/div>\r\n\t<\/div>\r\n<\/div><div class=\"wppsac-post-slides\">\r\n\t<div class=\"wppsac-post-content-position\">\r\n\t\t<div class=\"wppsac-post-content-left wp-medium-8 wpcolumns\">\r\n\t\t\t\r\n\t\t\t<h2 class=\"wppsac-post-title\">\r\n\t\t\t\t<a href=\"http:\/\/www.lessvtdelagrenouille.fr\/blog\/cours-en-exterieur-en-svt\/\">Cours en ext\u00e9rieur en SVT<\/a>\r\n\t\t\t<\/h2>\r\n\r\n\t\t\t\t\t<\/div>\r\n\t\t<div class=\"wppsac-post-image-bg\">\r\n\t\t\t<a href=\"http:\/\/www.lessvtdelagrenouille.fr\/blog\/cours-en-exterieur-en-svt\/\">\r\n\t\t\t\t\t\t\t\t<img decoding=\"async\" class=\"wppsac-post-image\"  src=\"http:\/\/www.lessvtdelagrenouille.fr\/blog\/wp-content\/uploads\/2024\/09\/logo-aires-terrestres-educatives-300x225.jpg\" alt=\"Cours en ext\u00e9rieur en SVT\" \/>\r\n\t\t\t\t\t\t\t<\/a>\r\n\t\t<\/div>\r\n\t<\/div>\r\n<\/div><div class=\"wppsac-post-slides\">\r\n\t<div class=\"wppsac-post-content-position\">\r\n\t\t<div class=\"wppsac-post-content-left wp-medium-8 wpcolumns\">\r\n\t\t\t\r\n\t\t\t<h2 class=\"wppsac-post-title\">\r\n\t\t\t\t<a href=\"http:\/\/www.lessvtdelagrenouille.fr\/blog\/sos-la-paille-disparait\/\">Sos la paille dispara\u00eet<\/a>\r\n\t\t\t<\/h2>\r\n\r\n\t\t\t\t\t<\/div>\r\n\t\t<div class=\"wppsac-post-image-bg\">\r\n\t\t\t<a href=\"http:\/\/www.lessvtdelagrenouille.fr\/blog\/sos-la-paille-disparait\/\">\r\n\t\t\t\t\t\t\t\t<img decoding=\"async\" class=\"wppsac-post-image\"  src=\"http:\/\/www.lessvtdelagrenouille.fr\/blog\/wp-content\/uploads\/2020\/10\/jardin.jpeg\" alt=\"Sos la paille dispara\u00eet\" \/>\r\n\t\t\t\t\t\t\t<\/a>\r\n\t\t<\/div>\r\n\t<\/div>\r\n<\/div><div class=\"wppsac-post-slides\">\r\n\t<div class=\"wppsac-post-content-position\">\r\n\t\t<div class=\"wppsac-post-content-left wp-medium-8 wpcolumns\">\r\n\t\t\t\r\n\t\t\t<h2 class=\"wppsac-post-title\">\r\n\t\t\t\t<a href=\"http:\/\/www.lessvtdelagrenouille.fr\/blog\/repartition-des-etres-vivants-entre-les-sous-bois-et-la-prairie\/\">r\u00e9partition des \u00eatres vivants entre les sous-bois et la prairie<\/a>\r\n\t\t\t<\/h2>\r\n\r\n\t\t\t\t\t<\/div>\r\n\t\t<div class=\"wppsac-post-image-bg\">\r\n\t\t\t<a href=\"http:\/\/www.lessvtdelagrenouille.fr\/blog\/repartition-des-etres-vivants-entre-les-sous-bois-et-la-prairie\/\">\r\n\t\t\t\t\t\t\t\t<img decoding=\"async\" class=\"wppsac-post-image\"  src=\"http:\/\/www.lessvtdelagrenouille.fr\/blog\/wp-content\/uploads\/2023\/10\/sous-bois-300x189.jpg\" alt=\"r\u00e9partition des \u00eatres vivants entre les sous-bois et la prairie\" \/>\r\n\t\t\t\t\t\t\t<\/a>\r\n\t\t<\/div>\r\n\t<\/div>\r\n<\/div>\t\t\t<\/div>\r\n\t\t<\/div>\r\n\t\n\n<ul class=\"wp-block-latest-posts__list wp-block-latest-posts\"><li><div class=\"wp-block-latest-posts__featured-image alignleft\"><img loading=\"lazy\" decoding=\"async\" width=\"150\" height=\"150\" src=\"http:\/\/www.lessvtdelagrenouille.fr\/blog\/wp-content\/uploads\/2026\/01\/piaf-de-ma-rue-150x150.jpg\" class=\"attachment-thumbnail size-thumbnail wp-post-image\" alt=\"\" style=\"max-width:38px;max-height:38px;\" \/><\/div><a class=\"wp-block-latest-posts__post-title\" href=\"http:\/\/www.lessvtdelagrenouille.fr\/blog\/defi-piaf-de-ma-rue-la-main-a-la-pate\/\">D\u00e9fi piaf de ma rue (La main \u00e0 la p\u00e2te)<\/a><\/li>\n<li><div class=\"wp-block-latest-posts__featured-image alignleft\"><img loading=\"lazy\" decoding=\"async\" width=\"150\" height=\"150\" src=\"http:\/\/www.lessvtdelagrenouille.fr\/blog\/wp-content\/uploads\/2024\/10\/ecole-dehors-1024x1024-1-150x150.png\" class=\"attachment-thumbnail size-thumbnail wp-post-image\" alt=\"\" style=\"max-width:38px;max-height:38px;\" srcset=\"http:\/\/www.lessvtdelagrenouille.fr\/blog\/wp-content\/uploads\/2024\/10\/ecole-dehors-1024x1024-1-150x150.png 150w, http:\/\/www.lessvtdelagrenouille.fr\/blog\/wp-content\/uploads\/2024\/10\/ecole-dehors-1024x1024-1-300x300.png 300w, http:\/\/www.lessvtdelagrenouille.fr\/blog\/wp-content\/uploads\/2024\/10\/ecole-dehors-1024x1024-1-768x768.png 768w, http:\/\/www.lessvtdelagrenouille.fr\/blog\/wp-content\/uploads\/2024\/10\/ecole-dehors-1024x1024-1.png 1024w\" sizes=\"auto, (max-width: 150px) 100vw, 150px\" \/><\/div><a class=\"wp-block-latest-posts__post-title\" href=\"http:\/\/www.lessvtdelagrenouille.fr\/blog\/lettre-dactualite-edd-dediee-aux-aires-terrestres-educatives\/\">Lettre d\u2019actualit\u00e9 EDD d\u00e9di\u00e9e aux aires terrestres \u00e9ducatives<\/a><\/li>\n<li><div class=\"wp-block-latest-posts__featured-image alignleft\"><img loading=\"lazy\" decoding=\"async\" width=\"150\" height=\"150\" src=\"http:\/\/www.lessvtdelagrenouille.fr\/blog\/wp-content\/uploads\/2025\/10\/IMG_20251013_092228_415-150x150.jpg\" class=\"attachment-thumbnail size-thumbnail wp-post-image\" alt=\"\" style=\"max-width:38px;max-height:38px;\" \/><\/div><a class=\"wp-block-latest-posts__post-title\" href=\"http:\/\/www.lessvtdelagrenouille.fr\/blog\/pour-les-profs-visio-lecole-du-dehors-au-secondaire-pour-le-graine\/\">Pour les profs: Visio l&rsquo;\u00e9cole du dehors au secondaire pour le graine<\/a><\/li>\n<li><div class=\"wp-block-latest-posts__featured-image alignleft\"><img loading=\"lazy\" decoding=\"async\" width=\"150\" height=\"150\" src=\"http:\/\/www.lessvtdelagrenouille.fr\/blog\/wp-content\/uploads\/2025\/12\/ecdehgraine-150x150.png\" class=\"attachment-thumbnail size-thumbnail wp-post-image\" alt=\"\" style=\"max-width:38px;max-height:38px;\" \/><\/div><a class=\"wp-block-latest-posts__post-title\" href=\"http:\/\/www.lessvtdelagrenouille.fr\/blog\/article-sur-lecole-du-dehors-au-college-pour-le-graine\/\">Article sur l&rsquo;\u00e9cole du dehors au coll\u00e8ge pour le graine<\/a><\/li>\n<li><div class=\"wp-block-latest-posts__featured-image alignleft\"><img loading=\"lazy\" decoding=\"async\" width=\"150\" height=\"150\" src=\"http:\/\/www.lessvtdelagrenouille.fr\/blog\/wp-content\/uploads\/2025\/11\/IMG_20251013_091356_113-150x150.jpg\" class=\"attachment-thumbnail size-thumbnail wp-post-image\" alt=\"\" style=\"max-width:38px;max-height:38px;\" \/><\/div><a class=\"wp-block-latest-posts__post-title\" href=\"http:\/\/www.lessvtdelagrenouille.fr\/blog\/premiers-pas-dans-notre-aire-terrestre\/\">Premiers pas dans notre aire terrestre en 2025<\/a><\/li>\n<li><div class=\"wp-block-latest-posts__featured-image alignleft\"><img loading=\"lazy\" decoding=\"async\" width=\"150\" height=\"150\" src=\"http:\/\/www.lessvtdelagrenouille.fr\/blog\/wp-content\/uploads\/2021\/04\/arbremort-150x150.jpg\" class=\"attachment-thumbnail size-thumbnail wp-post-image\" alt=\"\" style=\"max-width:38px;max-height:38px;\" \/><\/div><a class=\"wp-block-latest-posts__post-title\" href=\"http:\/\/www.lessvtdelagrenouille.fr\/blog\/a-lecole-de-la-foret-2-representer-lenvironnement\/\">A l&rsquo;\u00e9cole de la for\u00eat 2: repr\u00e9senter l&rsquo;environnement<\/a><\/li>\n<li><div class=\"wp-block-latest-posts__featured-image alignleft\"><img loading=\"lazy\" decoding=\"async\" width=\"150\" height=\"150\" src=\"http:\/\/www.lessvtdelagrenouille.fr\/blog\/wp-content\/uploads\/2024\/10\/aire-terrestre-150x150.png\" class=\"attachment-thumbnail size-thumbnail wp-post-image\" alt=\"\" style=\"max-width:38px;max-height:38px;\" \/><\/div><a class=\"wp-block-latest-posts__post-title\" href=\"http:\/\/www.lessvtdelagrenouille.fr\/blog\/notre-aire-terrestre-educative\/\">Notre aire terrestre \u00e9ducative<\/a><\/li>\n<li><div class=\"wp-block-latest-posts__featured-image alignleft\"><img loading=\"lazy\" decoding=\"async\" width=\"150\" height=\"150\" src=\"http:\/\/www.lessvtdelagrenouille.fr\/blog\/wp-content\/uploads\/2024\/09\/logo-aires-terrestres-educatives-150x150.jpg\" class=\"attachment-thumbnail size-thumbnail wp-post-image\" alt=\"\" style=\"max-width:38px;max-height:38px;\" \/><\/div><a class=\"wp-block-latest-posts__post-title\" href=\"http:\/\/www.lessvtdelagrenouille.fr\/blog\/cours-en-exterieur-en-svt\/\">Cours en ext\u00e9rieur en SVT<\/a><\/li>\n<li><div class=\"wp-block-latest-posts__featured-image alignleft\"><img loading=\"lazy\" decoding=\"async\" width=\"150\" height=\"150\" src=\"http:\/\/www.lessvtdelagrenouille.fr\/blog\/wp-content\/uploads\/2020\/10\/jardin-150x150.jpeg\" class=\"attachment-thumbnail size-thumbnail wp-post-image\" alt=\"\" style=\"max-width:38px;max-height:38px;\" \/><\/div><a class=\"wp-block-latest-posts__post-title\" href=\"http:\/\/www.lessvtdelagrenouille.fr\/blog\/sos-la-paille-disparait\/\">Sos la paille dispara\u00eet<\/a><\/li>\n<li><div class=\"wp-block-latest-posts__featured-image alignleft\"><img loading=\"lazy\" decoding=\"async\" width=\"150\" height=\"150\" src=\"http:\/\/www.lessvtdelagrenouille.fr\/blog\/wp-content\/uploads\/2023\/10\/sous-bois-150x150.jpg\" class=\"attachment-thumbnail size-thumbnail wp-post-image\" alt=\"\" style=\"max-width:38px;max-height:38px;\" \/><\/div><a class=\"wp-block-latest-posts__post-title\" href=\"http:\/\/www.lessvtdelagrenouille.fr\/blog\/repartition-des-etres-vivants-entre-les-sous-bois-et-la-prairie\/\">r\u00e9partition des \u00eatres vivants entre les sous-bois et la prairie<\/a><\/li>\n<li><div class=\"wp-block-latest-posts__featured-image alignleft\"><img loading=\"lazy\" decoding=\"async\" width=\"150\" height=\"150\" src=\"http:\/\/www.lessvtdelagrenouille.fr\/blog\/wp-content\/uploads\/2023\/10\/DSC00220-150x150.jpg\" class=\"attachment-thumbnail size-thumbnail wp-post-image\" alt=\"\" style=\"max-width:38px;max-height:38px;\" \/><\/div><a class=\"wp-block-latest-posts__post-title\" href=\"http:\/\/www.lessvtdelagrenouille.fr\/blog\/journee-ecogames-au-college-sport-et-developpement-durable\/\">Journ\u00e9e \u00e9cogames au coll\u00e8ge : Sport et d\u00e9veloppement durable<\/a><\/li>\n<li><div class=\"wp-block-latest-posts__featured-image alignleft\"><img loading=\"lazy\" decoding=\"async\" width=\"150\" height=\"150\" src=\"http:\/\/www.lessvtdelagrenouille.fr\/blog\/wp-content\/uploads\/2022\/05\/chainesol1-150x150.png\" class=\"attachment-thumbnail size-thumbnail wp-post-image\" alt=\"\" style=\"max-width:38px;max-height:38px;\" \/><\/div><a class=\"wp-block-latest-posts__post-title\" href=\"http:\/\/www.lessvtdelagrenouille.fr\/blog\/le-sol-et-la-vie-du-sol-et-lecriture-fantastique\/\">Le sol et la vie du sol et l&rsquo;\u00e9criture fantastique<\/a><\/li>\n<li><div class=\"wp-block-latest-posts__featured-image alignleft\"><img loading=\"lazy\" decoding=\"async\" width=\"150\" height=\"150\" src=\"http:\/\/www.lessvtdelagrenouille.fr\/blog\/wp-content\/uploads\/2021\/04\/arbremort-150x150.jpg\" class=\"attachment-thumbnail size-thumbnail wp-post-image\" alt=\"\" style=\"max-width:38px;max-height:38px;\" \/><\/div><a class=\"wp-block-latest-posts__post-title\" href=\"http:\/\/www.lessvtdelagrenouille.fr\/blog\/utiliser-le-trajet-simpregner-du-lieu\/\">Utiliser le trajet, s\u2019impr\u00e9gner du lieu<\/a><\/li>\n<li><div class=\"wp-block-latest-posts__featured-image alignleft\"><img loading=\"lazy\" decoding=\"async\" width=\"150\" height=\"150\" src=\"http:\/\/www.lessvtdelagrenouille.fr\/blog\/wp-content\/uploads\/2021\/04\/arbremort-150x150.jpg\" class=\"attachment-thumbnail size-thumbnail wp-post-image\" alt=\"\" style=\"max-width:38px;max-height:38px;\" \/><\/div><a class=\"wp-block-latest-posts__post-title\" href=\"http:\/\/www.lessvtdelagrenouille.fr\/blog\/lecole-au-et-du-dehors-a-lecole-langevin\/\">L&rsquo;\u00e9cole au et du dehors \u00e0 l&rsquo;\u00e9cole Langevin<\/a><\/li>\n<li><div class=\"wp-block-latest-posts__featured-image alignleft\"><img loading=\"lazy\" decoding=\"async\" width=\"150\" height=\"150\" src=\"http:\/\/www.lessvtdelagrenouille.fr\/blog\/wp-content\/uploads\/2022\/03\/DSC00548-150x150.jpg\" class=\"attachment-thumbnail size-thumbnail wp-post-image\" alt=\"\" style=\"max-width:38px;max-height:38px;\" \/><\/div><a class=\"wp-block-latest-posts__post-title\" href=\"http:\/\/www.lessvtdelagrenouille.fr\/blog\/decouverte-de-lestran\/\">D\u00e9couverte de l&rsquo;estran<\/a><\/li>\n<li><div class=\"wp-block-latest-posts__featured-image alignleft\"><img loading=\"lazy\" decoding=\"async\" width=\"150\" height=\"150\" src=\"http:\/\/www.lessvtdelagrenouille.fr\/blog\/wp-content\/uploads\/2022\/03\/mes3-150x150.png\" class=\"attachment-thumbnail size-thumbnail wp-post-image\" alt=\"\" style=\"max-width:38px;max-height:38px;\" \/><\/div><a class=\"wp-block-latest-posts__post-title\" href=\"http:\/\/www.lessvtdelagrenouille.fr\/blog\/determination-des-mesanges-du-jardin\/\">D\u00e9termination des m\u00e9sanges du jardin<\/a><\/li>\n<li><div class=\"wp-block-latest-posts__featured-image alignleft\"><img loading=\"lazy\" decoding=\"async\" width=\"150\" height=\"150\" src=\"http:\/\/www.lessvtdelagrenouille.fr\/blog\/wp-content\/uploads\/2022\/03\/DSC00297-150x150.jpg\" class=\"attachment-thumbnail size-thumbnail wp-post-image\" alt=\"\" style=\"max-width:38px;max-height:38px;\" \/><\/div><a class=\"wp-block-latest-posts__post-title\" href=\"http:\/\/www.lessvtdelagrenouille.fr\/blog\/a-la-decouverte-des-arthropodes-de-labbaye-de-lepau\/\">A la d\u00e9couverte des arthropodes de l&rsquo;Abbaye de l&rsquo;\u00e9pau<\/a><\/li>\n<\/ul><\/div>\n\n\n\n<div class=\"wp-block-column is-layout-flow wp-block-column-is-layout-flow\">\n<h2 class=\"wp-block-heading has-text-align-center\">En savoir plus<\/h2>\n\n\n\n<p><br> <a href=\"https:\/\/padlet.com\/cpceps72allonnes\/txregobucte7iqpa\">L&rsquo;A\u00b2D\u00b2 \u00e0 Allonnes<\/a><br> <strong>Ressources du GRAINE Pays de la Loire :<\/strong><br>&#8211; <a href=\"https:\/\/graine-pdl.org\/actualite\/visio-premier-temps-echanges-programme-28-septembre\" data-type=\"URL\" data-id=\"https:\/\/graine-pdl.org\/actualite\/visio-premier-temps-echanges-programme-28-septembre\">Visi\u2019O dehors<\/a> <br>&#8211; <a href=\"https:\/\/graine-pdl.org\/actualite\/bref-newsletter-ecole-du-pays-loire#overlay-context=search\/node\/v%25C3%25A9g%25C3%25A9tal%2520village\">Newsletter \u00e9cole dehors <\/a><br>&#8211; <a href=\"https:\/\/graine-pdl.org\/le-reseau\/ressources-ecole-du\">Espace Ressources d\u00e9di\u00e9 \u00e0 l\u2019\u00e9cole du dehors <\/a><br> <strong>Qu\u00e9bec \/ Canada : Coll\u00e8ge &#8211;<\/strong> <\/p>\n\n\n\n<p>\u00ab <a href=\"ttps:\/\/kameameahfilms.org\/l-autre-connexion\/\">L\u2019autre connexion, une \u00e9cole dans la nature<br>sauvage \u00bb, par C\u00e9cile Falhauber (42 minutes \u2013 2018<\/a>). Documentaire sur<br>l\u2019\u00e9cole Wolf, au Canada<br><strong>DSDEN des Charentes :<\/strong><br><a href=\"http:\/\/ww2.ac-poitiers.fr\/dsden79-pedagogie\/spip.php?article1047\">http:\/\/ww2.ac-poitiers.fr\/dsden79-pedagogie\/spip.php?article1047<\/a><br><a href=\"https:\/\/padlet.com\/classedehors79\/activites\">https:\/\/padlet.com\/classedehors79\/activites<\/a><br><a href=\"https:\/\/padlet.com\/classedehors79\/approfondir\">https:\/\/padlet.com\/classedehors79\/approfondir<\/a><br><strong>Acad\u00e9mie de Poitiers :<\/strong><br><a href=\"http:\/\/ww2.ac-poitiers.fr\/dsden16-pedagogie\/spip.php?rubrique164\">http:\/\/ww2.ac-poitiers.fr\/dsden16-pedagogie\/spip.php?rubrique164<\/a><br><br><strong>Sitographie :<\/strong><br>\u2022 <a href=\"https:\/\/profsentransition.com\/ecole-du-dehors\/\">https:\/\/profsentransition.com\/ecole-du-dehors\/<\/a><br>\u2022 <a href=\"http:\/\/grainepc.org\/Valeurs-et-principes-de-l-EE2\">http:\/\/grainepc.org\/Valeurs-et-principes-de-l-EE2<\/a><br>\u2022 <a href=\"http:\/\/grainepc.org\/La-Charte-au-quotidien-Faire\">http:\/\/grainepc.org\/La-Charte-au-quotidien-Faire<\/a><br>(faire une recherche directe \u00ab \u00e9cole du dehors \u00bb dans ce site pour d\u2019autres pistes)<br>\u2022 <a href=\"https:\/\/www.reseau-canope.fr\/service\/classe-dehors-premiers-pas-vers-un-projet-pedagogique-au-college-et-au-lycee.html\">https:\/\/www.reseau-canope.fr\/service\/classe-dehors-premiers-pas-vers-un-projet-pedagogique-au-college-et-au-lycee.html<\/a><br>\u2022 <a href=\"https:\/\/classe-dehors.org\">https:\/\/classe-dehors.org<\/a><\/p>\n<\/div>\n<\/div>\n","protected":false},"excerpt":{"rendered":"<p>Apprendre au et du dehors( A2D2), vaste programme. Innovation p\u00e9dagogique ou retour aux sources selon l&rsquo;interlocuteur, cette m\u00e9thode p\u00e9dagogique ou philosophie p\u00e9dagogique cherche a donner aux apprentissages une dimension plus concr\u00e8te. Les documents ci dessous pr\u00e9sentent les avantages et les inconv\u00e9nients soulev\u00e9s lors d&rsquo;une formation de personnels du premier et second degr\u00e9 dans le secteur &#8230; <a title=\"Faire la classe au dehors\" class=\"read-more\" href=\"http:\/\/www.lessvtdelagrenouille.fr\/blog\/faire-la-classe-au-dehors\/\" aria-label=\"En savoir plus sur Faire la classe au dehors\">Lire la suite&#8230;<\/a><\/p>\n","protected":false},"author":1,"featured_media":0,"parent":0,"menu_order":0,"comment_status":"closed","ping_status":"closed","template":"","meta":{"footnotes":""},"class_list":["post-7488","page","type-page","status-publish"],"featured_image_urls_v2":{"full":"","thumbnail":"","medium":"","medium_large":"","large":"","1536x1536":"","2048x2048":""},"post_excerpt_stackable_v2":"<p>Apprendre au et du dehors( A2D2), vaste programme. Innovation p\u00e9dagogique ou retour aux sources selon l&rsquo;interlocuteur, cette m\u00e9thode p\u00e9dagogique ou philosophie p\u00e9dagogique cherche a donner aux apprentissages une dimension plus concr\u00e8te. Les documents ci dessous pr\u00e9sentent les avantages et les inconv\u00e9nients soulev\u00e9s lors d&rsquo;une formation de personnels du premier et second degr\u00e9 dans le secteur d&rsquo; Allonnes (72). (R\u00e9alisation Katia Viard) Quelques exemples D\u00e9fi piaf de ma rue (La main \u00e0 la p\u00e2te) Lettre d\u2019actualit\u00e9 EDD d\u00e9di\u00e9e aux aires terrestres \u00e9ducatives Pour les profs: Visio l&rsquo;\u00e9cole du dehors au secondaire pour le graine Article sur l&rsquo;\u00e9cole du dehors au coll\u00e8ge\u2026<\/p>\n","category_list_v2":"","author_info_v2":{"name":"RolandC","url":"http:\/\/www.lessvtdelagrenouille.fr\/blog\/author\/rollandc\/"},"comments_num_v2":"0 commentaire","_links":{"self":[{"href":"http:\/\/www.lessvtdelagrenouille.fr\/blog\/wp-json\/wp\/v2\/pages\/7488","targetHints":{"allow":["GET"]}}],"collection":[{"href":"http:\/\/www.lessvtdelagrenouille.fr\/blog\/wp-json\/wp\/v2\/pages"}],"about":[{"href":"http:\/\/www.lessvtdelagrenouille.fr\/blog\/wp-json\/wp\/v2\/types\/page"}],"author":[{"embeddable":true,"href":"http:\/\/www.lessvtdelagrenouille.fr\/blog\/wp-json\/wp\/v2\/users\/1"}],"replies":[{"embeddable":true,"href":"http:\/\/www.lessvtdelagrenouille.fr\/blog\/wp-json\/wp\/v2\/comments?post=7488"}],"version-history":[{"count":19,"href":"http:\/\/www.lessvtdelagrenouille.fr\/blog\/wp-json\/wp\/v2\/pages\/7488\/revisions"}],"predecessor-version":[{"id":8516,"href":"http:\/\/www.lessvtdelagrenouille.fr\/blog\/wp-json\/wp\/v2\/pages\/7488\/revisions\/8516"}],"wp:attachment":[{"href":"http:\/\/www.lessvtdelagrenouille.fr\/blog\/wp-json\/wp\/v2\/media?parent=7488"}],"curies":[{"name":"wp","href":"https:\/\/api.w.org\/{rel}","templated":true}]}}